{"id":8656,"date":"2024-08-27T09:53:17","date_gmt":"2024-08-27T07:53:17","guid":{"rendered":"https:\/\/www.alpinresortmontafon.com\/vakantiewoningen-kopen\/"},"modified":"2026-02-21T18:18:52","modified_gmt":"2026-02-21T17:18:52","slug":"vakantiewoningen-kopen","status":"publish","type":"page","link":"https:\/\/www.alpinresortmontafon.com\/nl\/vakantiewoningen-kopen\/","title":{"rendered":"Vakantiewoningen kopen"},"content":{"rendered":"\t\t<div data-elementor-type=\"wp-page\" data-elementor-id=\"8656\" class=\"elementor elementor-8656 elementor-589\" data-elementor-post-type=\"page\">\n\t\t\t\t<div class=\"elementor-element elementor-element-3966cac e-flex e-con-boxed e-con e-parent\" data-id=\"3966cac\" data-element_type=\"container\" data-e-type=\"container\" data-settings=\"{&quot;background_background&quot;:&quot;classic&quot;}\">\n\t\t\t\t\t<div class=\"e-con-inner\">\n\t\t\t\t<div class=\"elementor-element elementor-element-78d87d7 elementor-widget elementor-widget-image\" data-id=\"78d87d7\" data-element_type=\"widget\" data-e-type=\"widget\" data-widget_type=\"image.default\">\n\t\t\t\t<div class=\"elementor-widget-container\">\n\t\t\t\t\t\t\t\t\t\t\t\t\t\t\t<img fetchpriority=\"high\" decoding=\"async\" width=\"300\" height=\"212\" src=\"https:\/\/www.alpinresortmontafon.com\/wp-content\/uploads\/2024\/09\/logo_arm_01_hbg-300x212.png\" class=\"attachment-medium size-medium wp-image-7049\" alt=\"Logo Alpin Resort Montafon\" srcset=\"https:\/\/www.alpinresortmontafon.com\/wp-content\/uploads\/2024\/09\/logo_arm_01_hbg-300x212.png 300w, https:\/\/www.alpinresortmontafon.com\/wp-content\/uploads\/2024\/09\/logo_arm_01_hbg-1024x725.png 1024w, https:\/\/www.alpinresortmontafon.com\/wp-content\/uploads\/2024\/09\/logo_arm_01_hbg-768x544.png 768w, https:\/\/www.alpinresortmontafon.com\/wp-content\/uploads\/2024\/09\/logo_arm_01_hbg-1536x1088.png 1536w, https:\/\/www.alpinresortmontafon.com\/wp-content\/uploads\/2024\/09\/logo_arm_01_hbg-2048x1450.png 2048w\" sizes=\"(max-width: 300px) 100vw, 300px\" \/>\t\t\t\t\t\t\t\t\t\t\t\t\t\t\t<\/div>\n\t\t\t\t<\/div>\n\t\t\t\t<div class=\"elementor-element elementor-element-f77415c elementor-fixed elementor-widget elementor-widget-global elementor-global-8181 elementor-widget-button\" data-id=\"f77415c\" data-element_type=\"widget\" data-e-type=\"widget\" data-settings=\"{&quot;_position&quot;:&quot;fixed&quot;}\" data-widget_type=\"button.default\">\n\t\t\t\t<div class=\"elementor-widget-container\">\n\t\t\t\t\t\t\t\t\t<div class=\"elementor-button-wrapper\">\n\t\t\t\t\t<a class=\"elementor-button elementor-button-link elementor-size-sm\" href=\"https:\/\/travel.alpinresortmontafon.com\/vermietung\/zu-mieten-ferienwohnungen-c1\/\">\n\t\t\t\t\t\t<span class=\"elementor-button-content-wrapper\">\n\t\t\t\t\t\t\t\t\t<span class=\"elementor-button-text\">____<br>_<br>_<br>_<\/span>\n\t\t\t\t\t<\/span>\n\t\t\t\t\t<\/a>\n\t\t\t\t<\/div>\n\t\t\t\t\t\t\t\t<\/div>\n\t\t\t\t<\/div>\n\t\t\t\t\t<\/div>\n\t\t\t\t<\/div>\n\t\t<div class=\"elementor-element elementor-element-1e4b85b e-flex e-con-boxed e-con e-parent\" data-id=\"1e4b85b\" data-element_type=\"container\" data-e-type=\"container\">\n\t\t\t\t\t<div class=\"e-con-inner\">\n\t\t\t\t<div class=\"elementor-element elementor-element-321ac9e elementor-widget elementor-widget-heading\" data-id=\"321ac9e\" data-element_type=\"widget\" data-e-type=\"widget\" data-widget_type=\"heading.default\">\n\t\t\t\t<div class=\"elementor-widget-container\">\n\t\t\t\t\t<h2 class=\"elementor-heading-title elementor-size-default\">te koop<\/h2>\t\t\t\t<\/div>\n\t\t\t\t<\/div>\n\t\t\t\t<div class=\"elementor-element elementor-element-74238e4 elementor-widget elementor-widget-heading\" data-id=\"74238e4\" data-element_type=\"widget\" data-e-type=\"widget\" data-widget_type=\"heading.default\">\n\t\t\t\t<div class=\"elementor-widget-container\">\n\t\t\t\t\t<h1 class=\"elementor-heading-title elementor-size-default\">Vakantie appartement te koop in Gargellen<\/h1>\t\t\t\t<\/div>\n\t\t\t\t<\/div>\n\t\t\t\t<div class=\"elementor-element elementor-element-bd6e2a4 elementor-widget__width-initial elementor-widget elementor-widget-text-editor\" data-id=\"bd6e2a4\" data-element_type=\"widget\" data-e-type=\"widget\" data-widget_type=\"text-editor.default\">\n\t\t\t\t<div class=\"elementor-widget-container\">\n\t\t\t\t\t\t\t\t\t<h3>Vakantieappartementen met<br>Ski-in-ski-uit<\/h3><p>Het hoogwaardige resort, voorzien van alle luxe, ligt in <strong>Gargellen<\/strong> &#8211; op 1.500 m boven de zeespiegel <strong>direct aan de skipiste<\/strong> (ski in &#8211; ski out). Het romantische bergdorpje Gargellen ligt in de<br>hart van de populaire toeristische regio Montafon. Met 2 seizoenen zorgt de sneeuwzekere topbestemming voor een constant hoge bezettingsgraad van de vakantiewoningen en zorgt voor een goed rendement. Gargellen en de bergen van de R\u00e4tikon en de Silvretta zijn een<br>een waar eldorado voor ski\u00ebrs, snowboarders en toerski\u00ebrs.   <\/p><p><a title=\"Vakantie appartement kopen\" href=\"https:\/\/travel.alpinresortmontafon.com\/nl\/verkoop\/verkoop-p0\/\">Ontdek en koop een vakantiewoning<\/a><\/p>\t\t\t\t\t\t\t\t<\/div>\n\t\t\t\t<\/div>\n\t\t\t\t\t<\/div>\n\t\t\t\t<\/div>\n\t\t<div class=\"elementor-element elementor-element-bddc5fd e-flex e-con-boxed e-con e-parent\" data-id=\"bddc5fd\" data-element_type=\"container\" data-e-type=\"container\" data-settings=\"{&quot;background_background&quot;:&quot;classic&quot;}\">\n\t\t\t\t\t<div class=\"e-con-inner\">\n\t\t\t\t<div class=\"elementor-element elementor-element-0403c5c headoverlay elementor-widget elementor-widget-heading\" data-id=\"0403c5c\" data-element_type=\"widget\" data-e-type=\"widget\" data-widget_type=\"heading.default\">\n\t\t\t\t<div class=\"elementor-widget-container\">\n\t\t\t\t\t<h2 class=\"elementor-heading-title elementor-size-default\">Alpin\n<span>Resort<\/span><\/h2>\t\t\t\t<\/div>\n\t\t\t\t<\/div>\n\t\t\t\t\t<\/div>\n\t\t\t\t<\/div>\n\t\t<div class=\"elementor-element elementor-element-66cf9de e-flex e-con-boxed e-con e-parent\" data-id=\"66cf9de\" data-element_type=\"container\" data-e-type=\"container\">\n\t\t\t\t\t<div class=\"e-con-inner\">\n\t\t\t\t<div class=\"elementor-element elementor-element-85d6b02 elementor-widget__width-initial elementor-widget elementor-widget-text-editor\" data-id=\"85d6b02\" data-element_type=\"widget\" data-e-type=\"widget\" data-widget_type=\"text-editor.default\">\n\t\t\t\t<div class=\"elementor-widget-container\">\n\t\t\t\t\t\t\t\t\t<h3>Winter Wonderland<br>Adembenemend winterlandschap<\/h3><p>De Montafon Brandnertal Card voor 297 kilometer, de grensoverschrijdende Madrisa-rondwandeling voor toerski\u00ebrs of 387 bochten in de diepe sneeuw van de legendarische Nidla-variantafdaling inspireren alle skifans. Maar de regio heeft ook veel te bieden voor niet-ski\u00ebrs. Prachtige routes nodigen uit tot winter- en sneeuwschoenwandelen en langlaufen. Daarnaast zijn er vrijetijdsactiviteiten zoals schaatsen, curling en rodelen.   <\/p>\t\t\t\t\t\t\t\t<\/div>\n\t\t\t\t<\/div>\n\t\t\t\t<div class=\"elementor-element elementor-element-5e6ffe9 elementor-widget__width-initial elementor-widget elementor-widget-text-editor\" data-id=\"5e6ffe9\" data-element_type=\"widget\" data-e-type=\"widget\" data-widget_type=\"text-editor.default\">\n\t\t\t\t<div class=\"elementor-widget-container\">\n\t\t\t\t\t\t\t\t\t<h3>Adembenemend\nin zowel de winter als in de zomer<\/h3>\nIn Montafon is er zelfs in de zomer geen verveling. Wandelen, klimmen, mountainbiken en paragliden zijn slechts enkele van de vrijetijdsactiviteiten voor dit indrukwekkende bergdecor. Ook golfliefhebbers komen aan hun trekken op de 9-holes golfbaan in Tschagguns. Snelle bergbochten nodigen liefhebbers van klassieke auto&#8217;s en motorrijders uit voor bewogen ritten. Maar niet alleen actieve vakantiegangers\nvinden hier alles wat hun hartje begeert, ook voor cultuurliefhebbers is er veel te bieden.    \t\t\t\t\t\t\t\t<\/div>\n\t\t\t\t<\/div>\n\t\t\t\t\t<\/div>\n\t\t\t\t<\/div>\n\t\t<div class=\"elementor-element elementor-element-1631854 e-flex e-con-boxed e-con e-parent\" data-id=\"1631854\" data-element_type=\"container\" data-e-type=\"container\" data-settings=\"{&quot;background_background&quot;:&quot;classic&quot;}\">\n\t\t\t\t\t<div class=\"e-con-inner\">\n\t\t\t\t<div class=\"elementor-element elementor-element-76ae006 headoverlay elementor-widget elementor-widget-heading\" data-id=\"76ae006\" data-element_type=\"widget\" data-e-type=\"widget\" data-widget_type=\"heading.default\">\n\t\t\t\t<div class=\"elementor-widget-container\">\n\t\t\t\t\t<h2 class=\"elementor-heading-title elementor-size-default\">Beschikbare\n<span>appartementen<\/span><\/h2>\t\t\t\t<\/div>\n\t\t\t\t<\/div>\n\t\t\t\t\t<\/div>\n\t\t\t\t<\/div>\n\t\t<div class=\"elementor-element elementor-element-d029370 e-flex e-con-boxed e-con e-parent\" data-id=\"d029370\" data-element_type=\"container\" data-e-type=\"container\">\n\t\t\t\t\t<div class=\"e-con-inner\">\n\t\t\t\t<div class=\"elementor-element elementor-element-1aeb130 elementor-widget__width-initial elementor-widget elementor-widget-text-editor\" data-id=\"1aeb130\" data-element_type=\"widget\" data-e-type=\"widget\" data-widget_type=\"text-editor.default\">\n\t\t\t\t<div class=\"elementor-widget-container\">\n\t\t\t\t\t\t\t\t\t<h3>Een feelgooddroom komt uit &#8211; Vakantieappartement kopen<\/h3><p>3 Huizen<br>60 appartementen in totaal<br>E\u00e9n ondergrondse parkeerplaats per appartement<br>Gemeenschappelijke ruimtes (lobby, bar, receptie&#8230;)<br>Direct aan de skipiste<\/p><p>Op verzoek kunnen de appartementen worden uitgerust met een priv\u00e9sauna of<br>stoombad.<\/p>\t\t\t\t\t\t\t\t<\/div>\n\t\t\t\t<\/div>\n\t\t\t\t<div class=\"elementor-element elementor-element-e87d85b elementor-widget__width-initial elementor-widget elementor-widget-text-editor\" data-id=\"e87d85b\" data-element_type=\"widget\" data-e-type=\"widget\" data-widget_type=\"text-editor.default\">\n\t\t\t\t<div class=\"elementor-widget-container\">\n\t\t\t\t\t\t\t\t\t<h3>Het Alpin-Resort Montafon in Gargellen biedt<\/h3><p>1. Ligging direct aan de skipiste  <br>2. Ski in \u2013 Ski uit  <br>3. Apparatuur van de hoogste kwaliteit  <br>4. Professionele toeristische verhuur, ondersteuning en eigen gebruik  <br>5. Goed rendement (3,6% tot 5,0% per jaar)<\/p>\t\t\t\t\t\t\t\t<\/div>\n\t\t\t\t<\/div>\n\t\t\t\t\t<\/div>\n\t\t\t\t<\/div>\n\t\t<div class=\"elementor-element elementor-element-35c3977 e-flex e-con-boxed e-con e-parent\" data-id=\"35c3977\" data-element_type=\"container\" data-e-type=\"container\">\n\t\t\t\t\t<div class=\"e-con-inner\">\n\t\t<div class=\"elementor-element elementor-element-3502a07d e-con-full e-flex e-con e-child\" data-id=\"3502a07d\" data-element_type=\"container\" data-e-type=\"container\">\n\t\t<div class=\"elementor-element elementor-element-5d840ab4 e-con-full e-flex e-con e-child\" data-id=\"5d840ab4\" data-element_type=\"container\" data-e-type=\"container\">\n\t\t\t\t<div class=\"elementor-element elementor-element-637b2fd1 elementor-widget elementor-widget-image\" data-id=\"637b2fd1\" data-element_type=\"widget\" data-e-type=\"widget\" data-widget_type=\"image.default\">\n\t\t\t\t<div class=\"elementor-widget-container\">\n\t\t\t\t\t\t\t\t\t\t\t\t\t\t\t\t<a href=\"https:\/\/travel.alpinresortmontafon.com\/nl\/verkoop\/appartement-gargellen-50m2-investment-wohnung-an-der-skipiste-in-gargellen-304-494365.html\" target=\"_blank\">\n\t\t\t\t\t\t\t<img decoding=\"async\" width=\"300\" height=\"200\" src=\"https:\/\/www.alpinresortmontafon.com\/wp-content\/uploads\/2024\/09\/Birkhuhn_Berg_Apartment_Gargellen_4-300x200.jpg\" class=\"attachment-medium size-medium wp-image-5791\" alt=\"Slaapkamer Birkhuhn Apartment in Gargellen\" srcset=\"https:\/\/www.alpinresortmontafon.com\/wp-content\/uploads\/2024\/09\/Birkhuhn_Berg_Apartment_Gargellen_4-300x200.jpg 300w, https:\/\/www.alpinresortmontafon.com\/wp-content\/uploads\/2024\/09\/Birkhuhn_Berg_Apartment_Gargellen_4-1024x683.jpg 1024w, https:\/\/www.alpinresortmontafon.com\/wp-content\/uploads\/2024\/09\/Birkhuhn_Berg_Apartment_Gargellen_4-768x512.jpg 768w, https:\/\/www.alpinresortmontafon.com\/wp-content\/uploads\/2024\/09\/Birkhuhn_Berg_Apartment_Gargellen_4-1536x1025.jpg 1536w, https:\/\/www.alpinresortmontafon.com\/wp-content\/uploads\/2024\/09\/Birkhuhn_Berg_Apartment_Gargellen_4-2048x1366.jpg 2048w\" sizes=\"(max-width: 300px) 100vw, 300px\" \/>\t\t\t\t\t\t\t\t<\/a>\n\t\t\t\t\t\t\t\t\t\t\t\t\t\t\t<\/div>\n\t\t\t\t<\/div>\n\t\t\t\t<\/div>\n\t\t<div class=\"elementor-element elementor-element-7e2c79fa e-con-full e-flex e-con e-child\" data-id=\"7e2c79fa\" data-element_type=\"container\" data-e-type=\"container\">\n\t\t\t\t<div class=\"elementor-element elementor-element-11ca0c3e elementor-widget elementor-widget-text-editor\" data-id=\"11ca0c3e\" data-element_type=\"widget\" data-e-type=\"widget\" data-widget_type=\"text-editor.default\">\n\t\t\t\t<div class=\"elementor-widget-container\">\n\t\t\t\t\t\t\t\t\t<h5>50m2 Investment-Wohnung | 304<\/h5><p>Grootte in m\u00b2: 50<br>Kamers: 2<br>Slaapkamers: 1<\/p>\t\t\t\t\t\t\t\t<\/div>\n\t\t\t\t<\/div>\n\t\t\t\t<\/div>\n\t\t<div class=\"elementor-element elementor-element-4b916885 e-con-full e-flex e-con e-child\" data-id=\"4b916885\" data-element_type=\"container\" data-e-type=\"container\">\n\t\t\t\t<div class=\"elementor-element elementor-element-46a3b795 elementor-widget elementor-widget-button\" data-id=\"46a3b795\" data-element_type=\"widget\" data-e-type=\"widget\" data-widget_type=\"button.default\">\n\t\t\t\t<div class=\"elementor-widget-container\">\n\t\t\t\t\t\t\t\t\t<div class=\"elementor-button-wrapper\">\n\t\t\t\t\t<a class=\"elementor-button elementor-button-link elementor-size-sm\" href=\"https:\/\/travel.alpinresortmontafon.com\/nl\/verkoop\/appartement-gargellen-50m2-investment-wohnung-an-der-skipiste-in-gargellen-304-494365.html\" target=\"_blank\" title=\"Ferienwohnung mit 50 m\u00b2 in Gargellen kaufen\">\n\t\t\t\t\t\t<span class=\"elementor-button-content-wrapper\">\n\t\t\t\t\t\t\t\t\t<span class=\"elementor-button-text\">Detailseite<\/span>\n\t\t\t\t\t<\/span>\n\t\t\t\t\t<\/a>\n\t\t\t\t<\/div>\n\t\t\t\t\t\t\t\t<\/div>\n\t\t\t\t<\/div>\n\t\t\t\t<\/div>\n\t\t\t\t<\/div>\n\t\t<div class=\"elementor-element elementor-element-5b1eb056 e-con-full e-flex e-con e-child\" data-id=\"5b1eb056\" data-element_type=\"container\" data-e-type=\"container\">\n\t\t<div class=\"elementor-element elementor-element-6abf652b e-con-full e-flex e-con e-child\" data-id=\"6abf652b\" data-element_type=\"container\" data-e-type=\"container\">\n\t\t\t\t<div class=\"elementor-element elementor-element-106b4cf elementor-widget elementor-widget-image\" data-id=\"106b4cf\" data-element_type=\"widget\" data-e-type=\"widget\" data-widget_type=\"image.default\">\n\t\t\t\t<div class=\"elementor-widget-container\">\n\t\t\t\t\t\t\t\t\t\t\t\t\t\t\t\t<a href=\"https:\/\/travel.alpinresortmontafon.com\/verkauf\/ferienwohnung-gargellen-73m2-ferienwohnung-ski-in-ski-out-in-gargellen-312-494356.html\" target=\"_blank\">\n\t\t\t\t\t\t\t<img decoding=\"async\" width=\"2560\" height=\"1707\" src=\"https:\/\/www.alpinresortmontafon.com\/wp-content\/uploads\/2024\/09\/Alpenkrahe_Berg_Studio_Gargellen_4-scaled.jpg\" class=\"attachment-full size-full wp-image-6133\" alt=\"Slaapkamer Alpen-Kr\u00e4he Appartement\" srcset=\"https:\/\/www.alpinresortmontafon.com\/wp-content\/uploads\/2024\/09\/Alpenkrahe_Berg_Studio_Gargellen_4-scaled.jpg 2560w, https:\/\/www.alpinresortmontafon.com\/wp-content\/uploads\/2024\/09\/Alpenkrahe_Berg_Studio_Gargellen_4-300x200.jpg 300w, https:\/\/www.alpinresortmontafon.com\/wp-content\/uploads\/2024\/09\/Alpenkrahe_Berg_Studio_Gargellen_4-1024x683.jpg 1024w, https:\/\/www.alpinresortmontafon.com\/wp-content\/uploads\/2024\/09\/Alpenkrahe_Berg_Studio_Gargellen_4-768x512.jpg 768w, https:\/\/www.alpinresortmontafon.com\/wp-content\/uploads\/2024\/09\/Alpenkrahe_Berg_Studio_Gargellen_4-1536x1024.jpg 1536w, https:\/\/www.alpinresortmontafon.com\/wp-content\/uploads\/2024\/09\/Alpenkrahe_Berg_Studio_Gargellen_4-2048x1365.jpg 2048w\" sizes=\"(max-width: 2560px) 100vw, 2560px\" \/>\t\t\t\t\t\t\t\t<\/a>\n\t\t\t\t\t\t\t\t\t\t\t\t\t\t\t<\/div>\n\t\t\t\t<\/div>\n\t\t\t\t<\/div>\n\t\t<div class=\"elementor-element elementor-element-34dcd3fc e-con-full e-flex e-con e-child\" data-id=\"34dcd3fc\" data-element_type=\"container\" data-e-type=\"container\">\n\t\t\t\t<div class=\"elementor-element elementor-element-5a4239de elementor-widget elementor-widget-text-editor\" data-id=\"5a4239de\" data-element_type=\"widget\" data-e-type=\"widget\" data-widget_type=\"text-editor.default\">\n\t\t\t\t<div class=\"elementor-widget-container\">\n\t\t\t\t\t\t\t\t\t<h5>65m2 Ferienwohnung | 312<\/h5><br>Grootte in m\u00b2: 65.2<br>Kamers: 2<br>Slaapkamers: 2\t\t\t\t\t\t\t\t<\/div>\n\t\t\t\t<\/div>\n\t\t\t\t<\/div>\n\t\t<div class=\"elementor-element elementor-element-538a9d7 e-con-full e-flex e-con e-child\" data-id=\"538a9d7\" data-element_type=\"container\" data-e-type=\"container\">\n\t\t\t\t<div class=\"elementor-element elementor-element-666d450d elementor-widget elementor-widget-button\" data-id=\"666d450d\" data-element_type=\"widget\" data-e-type=\"widget\" data-widget_type=\"button.default\">\n\t\t\t\t<div class=\"elementor-widget-container\">\n\t\t\t\t\t\t\t\t\t<div class=\"elementor-button-wrapper\">\n\t\t\t\t\t<a class=\"elementor-button elementor-button-link elementor-size-sm\" href=\"https:\/\/travel.alpinresortmontafon.com\/nl\/verkoop\/appartement-gargellen-65m2-ferienwohnung-ski-in-ski-out-in-gargellen-312-494356.html\" target=\"_blank\" title=\"Ferienwohnung mit 65 m\u00b2 in Gargellen kaufen\">\n\t\t\t\t\t\t<span class=\"elementor-button-content-wrapper\">\n\t\t\t\t\t\t\t\t\t<span class=\"elementor-button-text\">Detailseite<\/span>\n\t\t\t\t\t<\/span>\n\t\t\t\t\t<\/a>\n\t\t\t\t<\/div>\n\t\t\t\t\t\t\t\t<\/div>\n\t\t\t\t<\/div>\n\t\t\t\t<\/div>\n\t\t\t\t<\/div>\n\t\t<div class=\"elementor-element elementor-element-3532d71b e-con-full e-flex e-con e-child\" data-id=\"3532d71b\" data-element_type=\"container\" data-e-type=\"container\">\n\t\t<div class=\"elementor-element elementor-element-6b5bb22 e-con-full e-flex e-con e-child\" data-id=\"6b5bb22\" data-element_type=\"container\" data-e-type=\"container\">\n\t\t\t\t<div class=\"elementor-element elementor-element-50da4797 elementor-widget elementor-widget-image\" data-id=\"50da4797\" data-element_type=\"widget\" data-e-type=\"widget\" data-widget_type=\"image.default\">\n\t\t\t\t<div class=\"elementor-widget-container\">\n\t\t\t\t\t\t\t\t\t\t\t\t\t\t\t\t<a href=\"https:\/\/travel.alpinresortmontafon.com\/nl\/verkoop\/appartement-gargellen-65m2-ferienwohnung-ski-in-ski-out-in-gargellen-317-494352.html\" target=\"_blank\">\n\t\t\t\t\t\t\t<img loading=\"lazy\" decoding=\"async\" width=\"2560\" height=\"1708\" src=\"https:\/\/www.alpinresortmontafon.com\/wp-content\/uploads\/2024\/09\/Alpenkrahe_Berg_Studio_Gargellen_17-scaled.jpg\" class=\"attachment-full size-full wp-image-6172\" alt=\"Slaapkamer Alpen-Kr\u00e4he Appartement\" srcset=\"https:\/\/www.alpinresortmontafon.com\/wp-content\/uploads\/2024\/09\/Alpenkrahe_Berg_Studio_Gargellen_17-scaled.jpg 2560w, https:\/\/www.alpinresortmontafon.com\/wp-content\/uploads\/2024\/09\/Alpenkrahe_Berg_Studio_Gargellen_17-300x200.jpg 300w, https:\/\/www.alpinresortmontafon.com\/wp-content\/uploads\/2024\/09\/Alpenkrahe_Berg_Studio_Gargellen_17-1024x683.jpg 1024w, https:\/\/www.alpinresortmontafon.com\/wp-content\/uploads\/2024\/09\/Alpenkrahe_Berg_Studio_Gargellen_17-768x512.jpg 768w, https:\/\/www.alpinresortmontafon.com\/wp-content\/uploads\/2024\/09\/Alpenkrahe_Berg_Studio_Gargellen_17-1536x1025.jpg 1536w, https:\/\/www.alpinresortmontafon.com\/wp-content\/uploads\/2024\/09\/Alpenkrahe_Berg_Studio_Gargellen_17-2048x1366.jpg 2048w\" sizes=\"(max-width: 2560px) 100vw, 2560px\" \/>\t\t\t\t\t\t\t\t<\/a>\n\t\t\t\t\t\t\t\t\t\t\t\t\t\t\t<\/div>\n\t\t\t\t<\/div>\n\t\t\t\t<\/div>\n\t\t<div class=\"elementor-element elementor-element-17da3f69 e-con-full e-flex e-con e-child\" data-id=\"17da3f69\" data-element_type=\"container\" data-e-type=\"container\">\n\t\t\t\t<div class=\"elementor-element elementor-element-bdec197 elementor-widget elementor-widget-text-editor\" data-id=\"bdec197\" data-element_type=\"widget\" data-e-type=\"widget\" data-widget_type=\"text-editor.default\">\n\t\t\t\t<div class=\"elementor-widget-container\">\n\t\t\t\t\t\t\t\t\t<h5>65m2 Ferienwohnung | 317<\/h5><br>Grootte in m\u00b2: 65.2<br>Kamers: 4<br>Slaapkamers: 3\t\t\t\t\t\t\t\t<\/div>\n\t\t\t\t<\/div>\n\t\t\t\t<\/div>\n\t\t<div class=\"elementor-element elementor-element-2fcdc894 e-con-full e-flex e-con e-child\" data-id=\"2fcdc894\" data-element_type=\"container\" data-e-type=\"container\">\n\t\t\t\t<div class=\"elementor-element elementor-element-7b2beec9 elementor-widget elementor-widget-button\" data-id=\"7b2beec9\" data-element_type=\"widget\" data-e-type=\"widget\" data-widget_type=\"button.default\">\n\t\t\t\t<div class=\"elementor-widget-container\">\n\t\t\t\t\t\t\t\t\t<div class=\"elementor-button-wrapper\">\n\t\t\t\t\t<a class=\"elementor-button elementor-button-link elementor-size-sm\" href=\"https:\/\/travel.alpinresortmontafon.com\/nl\/verkoop\/appartement-gargellen-65m2-ferienwohnung-ski-in-ski-out-in-gargellen-317-494352.html\" target=\"_blank\" title=\"Ferienwohnung mit 65 m\u00b2 in Gargellen kaufen\">\n\t\t\t\t\t\t<span class=\"elementor-button-content-wrapper\">\n\t\t\t\t\t\t\t\t\t<span class=\"elementor-button-text\">Detailseite<\/span>\n\t\t\t\t\t<\/span>\n\t\t\t\t\t<\/a>\n\t\t\t\t<\/div>\n\t\t\t\t\t\t\t\t<\/div>\n\t\t\t\t<\/div>\n\t\t\t\t<\/div>\n\t\t\t\t<\/div>\n\t\t<div class=\"elementor-element elementor-element-7ddcfc58 e-con-full e-flex e-con e-child\" data-id=\"7ddcfc58\" data-element_type=\"container\" data-e-type=\"container\">\n\t\t<div class=\"elementor-element elementor-element-227b512b e-con-full e-flex e-con e-child\" data-id=\"227b512b\" data-element_type=\"container\" data-e-type=\"container\">\n\t\t\t\t<div class=\"elementor-element elementor-element-9e3a9c0 elementor-widget elementor-widget-image\" data-id=\"9e3a9c0\" data-element_type=\"widget\" data-e-type=\"widget\" data-widget_type=\"image.default\">\n\t\t\t\t<div class=\"elementor-widget-container\">\n\t\t\t\t\t\t\t\t\t\t\t\t\t\t\t\t<a href=\"https:\/\/travel.alpinresortmontafon.com\/nl\/verkoop\/appartement-gargellen-59m2-ferienwohnung-an-der-skipiste-in-gargellen-322-490517.html\" target=\"_blank\">\n\t\t\t\t\t\t\t<img loading=\"lazy\" decoding=\"async\" width=\"2560\" height=\"1707\" src=\"https:\/\/www.alpinresortmontafon.com\/wp-content\/uploads\/2024\/09\/Mauerlaufer_Berg_Studio_Gargellen_3-scaled.jpg\" class=\"attachment-full size-full wp-image-6058\" alt=\"Woonkeuken Appartement Mauerl\u00e4ufer\" srcset=\"https:\/\/www.alpinresortmontafon.com\/wp-content\/uploads\/2024\/09\/Mauerlaufer_Berg_Studio_Gargellen_3-scaled.jpg 2560w, https:\/\/www.alpinresortmontafon.com\/wp-content\/uploads\/2024\/09\/Mauerlaufer_Berg_Studio_Gargellen_3-300x200.jpg 300w, https:\/\/www.alpinresortmontafon.com\/wp-content\/uploads\/2024\/09\/Mauerlaufer_Berg_Studio_Gargellen_3-1024x683.jpg 1024w, https:\/\/www.alpinresortmontafon.com\/wp-content\/uploads\/2024\/09\/Mauerlaufer_Berg_Studio_Gargellen_3-768x512.jpg 768w, https:\/\/www.alpinresortmontafon.com\/wp-content\/uploads\/2024\/09\/Mauerlaufer_Berg_Studio_Gargellen_3-1536x1024.jpg 1536w, https:\/\/www.alpinresortmontafon.com\/wp-content\/uploads\/2024\/09\/Mauerlaufer_Berg_Studio_Gargellen_3-2048x1365.jpg 2048w\" sizes=\"(max-width: 2560px) 100vw, 2560px\" \/>\t\t\t\t\t\t\t\t<\/a>\n\t\t\t\t\t\t\t\t\t\t\t\t\t\t\t<\/div>\n\t\t\t\t<\/div>\n\t\t\t\t<\/div>\n\t\t<div class=\"elementor-element elementor-element-492102d8 e-con-full e-flex e-con e-child\" data-id=\"492102d8\" data-element_type=\"container\" data-e-type=\"container\">\n\t\t\t\t<div class=\"elementor-element elementor-element-6fcd5536 elementor-widget elementor-widget-text-editor\" data-id=\"6fcd5536\" data-element_type=\"widget\" data-e-type=\"widget\" data-widget_type=\"text-editor.default\">\n\t\t\t\t<div class=\"elementor-widget-container\">\n\t\t\t\t\t\t\t\t\t<h5>58m2 Ferienwohnung | 322<\/h5><br>Grootte in m\u00b2: 58,9<br>Kamers: 3<br>Slaapkamers: 2\t\t\t\t\t\t\t\t<\/div>\n\t\t\t\t<\/div>\n\t\t\t\t<\/div>\n\t\t<div class=\"elementor-element elementor-element-14a44b0a e-con-full e-flex e-con e-child\" data-id=\"14a44b0a\" data-element_type=\"container\" data-e-type=\"container\">\n\t\t\t\t<div class=\"elementor-element elementor-element-74da514e elementor-widget elementor-widget-button\" data-id=\"74da514e\" data-element_type=\"widget\" data-e-type=\"widget\" data-widget_type=\"button.default\">\n\t\t\t\t<div class=\"elementor-widget-container\">\n\t\t\t\t\t\t\t\t\t<div class=\"elementor-button-wrapper\">\n\t\t\t\t\t<a class=\"elementor-button elementor-button-link elementor-size-sm\" href=\"https:\/\/travel.alpinresortmontafon.com\/nl\/verkoop\/appartement-gargellen-59m2-ferienwohnung-an-der-skipiste-in-gargellen-322-490517.html\" target=\"_blank\" title=\"Ferienwohnung mit 58 m\u00b2 in Gargellen kaufen\">\n\t\t\t\t\t\t<span class=\"elementor-button-content-wrapper\">\n\t\t\t\t\t\t\t\t\t<span class=\"elementor-button-text\">Detailseite<\/span>\n\t\t\t\t\t<\/span>\n\t\t\t\t\t<\/a>\n\t\t\t\t<\/div>\n\t\t\t\t\t\t\t\t<\/div>\n\t\t\t\t<\/div>\n\t\t\t\t<\/div>\n\t\t\t\t<\/div>\n\t\t<div class=\"elementor-element elementor-element-88bedb5 e-con-full e-flex e-con e-child\" data-id=\"88bedb5\" data-element_type=\"container\" data-e-type=\"container\">\n\t\t<div class=\"elementor-element elementor-element-552f46ef e-con-full e-flex e-con e-child\" data-id=\"552f46ef\" data-element_type=\"container\" data-e-type=\"container\">\n\t\t\t\t<div class=\"elementor-element elementor-element-14573891 elementor-widget elementor-widget-image\" data-id=\"14573891\" data-element_type=\"widget\" data-e-type=\"widget\" data-widget_type=\"image.default\">\n\t\t\t\t<div class=\"elementor-widget-container\">\n\t\t\t\t\t\t\t\t\t\t\t\t\t\t\t\t<a href=\"https:\/\/travel.alpinresortmontafon.com\/nl\/verkoop\/appartement-gargellen-60m2-ferienwohnung-an-der-skipiste-in-gargellen-323-490502.html\" target=\"_blank\">\n\t\t\t\t\t\t\t<img loading=\"lazy\" decoding=\"async\" width=\"2560\" height=\"1707\" src=\"https:\/\/www.alpinresortmontafon.com\/wp-content\/uploads\/2024\/09\/Mauerlaufer_Berg_Studio_Gargellen_4-scaled.jpg\" class=\"attachment-full size-full wp-image-6061\" alt=\"Woonkeuken Appartement Mauerl\u00e4ufer\" srcset=\"https:\/\/www.alpinresortmontafon.com\/wp-content\/uploads\/2024\/09\/Mauerlaufer_Berg_Studio_Gargellen_4-scaled.jpg 2560w, https:\/\/www.alpinresortmontafon.com\/wp-content\/uploads\/2024\/09\/Mauerlaufer_Berg_Studio_Gargellen_4-300x200.jpg 300w, https:\/\/www.alpinresortmontafon.com\/wp-content\/uploads\/2024\/09\/Mauerlaufer_Berg_Studio_Gargellen_4-1024x683.jpg 1024w, https:\/\/www.alpinresortmontafon.com\/wp-content\/uploads\/2024\/09\/Mauerlaufer_Berg_Studio_Gargellen_4-768x512.jpg 768w, https:\/\/www.alpinresortmontafon.com\/wp-content\/uploads\/2024\/09\/Mauerlaufer_Berg_Studio_Gargellen_4-1536x1024.jpg 1536w, https:\/\/www.alpinresortmontafon.com\/wp-content\/uploads\/2024\/09\/Mauerlaufer_Berg_Studio_Gargellen_4-2048x1365.jpg 2048w\" sizes=\"(max-width: 2560px) 100vw, 2560px\" \/>\t\t\t\t\t\t\t\t<\/a>\n\t\t\t\t\t\t\t\t\t\t\t\t\t\t\t<\/div>\n\t\t\t\t<\/div>\n\t\t\t\t<\/div>\n\t\t<div class=\"elementor-element elementor-element-79a90ac0 e-con-full e-flex e-con e-child\" data-id=\"79a90ac0\" data-element_type=\"container\" data-e-type=\"container\">\n\t\t\t\t<div class=\"elementor-element elementor-element-3249fc86 elementor-widget elementor-widget-text-editor\" data-id=\"3249fc86\" data-element_type=\"widget\" data-e-type=\"widget\" data-widget_type=\"text-editor.default\">\n\t\t\t\t<div class=\"elementor-widget-container\">\n\t\t\t\t\t\t\t\t\t<h5>60m2 Ferienwohnung | 323<\/h5><br>Grootte in m\u00b2: 60.1<br>Kamers: 3<br>Slaapkamers: 2\t\t\t\t\t\t\t\t<\/div>\n\t\t\t\t<\/div>\n\t\t\t\t<\/div>\n\t\t<div class=\"elementor-element elementor-element-62677ecb e-con-full e-flex e-con e-child\" data-id=\"62677ecb\" data-element_type=\"container\" data-e-type=\"container\">\n\t\t\t\t<div class=\"elementor-element elementor-element-7cd023c4 elementor-widget elementor-widget-button\" data-id=\"7cd023c4\" data-element_type=\"widget\" data-e-type=\"widget\" data-widget_type=\"button.default\">\n\t\t\t\t<div class=\"elementor-widget-container\">\n\t\t\t\t\t\t\t\t\t<div class=\"elementor-button-wrapper\">\n\t\t\t\t\t<a class=\"elementor-button elementor-button-link elementor-size-sm\" href=\"https:\/\/travel.alpinresortmontafon.com\/nl\/verkoop\/appartement-gargellen-60m2-ferienwohnung-an-der-skipiste-in-gargellen-323-490502.html\" target=\"_blank\" title=\"Ferienwohnung mit 60 m\u00b2 in Gargellen kaufen\">\n\t\t\t\t\t\t<span class=\"elementor-button-content-wrapper\">\n\t\t\t\t\t\t\t\t\t<span class=\"elementor-button-text\">Detailseite<\/span>\n\t\t\t\t\t<\/span>\n\t\t\t\t\t<\/a>\n\t\t\t\t<\/div>\n\t\t\t\t\t\t\t\t<\/div>\n\t\t\t\t<\/div>\n\t\t\t\t<\/div>\n\t\t\t\t<\/div>\n\t\t<div class=\"elementor-element elementor-element-462d9c9f e-con-full e-flex e-con e-child\" data-id=\"462d9c9f\" data-element_type=\"container\" data-e-type=\"container\">\n\t\t<div class=\"elementor-element elementor-element-20846318 e-con-full e-flex e-con e-child\" data-id=\"20846318\" data-element_type=\"container\" data-e-type=\"container\">\n\t\t\t\t<div class=\"elementor-element elementor-element-6ae230d7 elementor-widget elementor-widget-image\" data-id=\"6ae230d7\" data-element_type=\"widget\" data-e-type=\"widget\" data-widget_type=\"image.default\">\n\t\t\t\t<div class=\"elementor-widget-container\">\n\t\t\t\t\t\t\t\t\t\t\t\t\t\t\t\t<a href=\"https:\/\/travel.alpinresortmontafon.com\/nl\/verkoop\/appartement-gargellen-59m2-ferienwohnung-ski-in-ski-out-in-gargellen-325-490482.html\" target=\"_blank\">\n\t\t\t\t\t\t\t<img loading=\"lazy\" decoding=\"async\" width=\"2560\" height=\"1707\" src=\"https:\/\/www.alpinresortmontafon.com\/wp-content\/uploads\/2024\/09\/Mauerlaufer_Berg_Studio_Gargellen_1-scaled.jpg\" class=\"attachment-full size-full wp-image-6052\" alt=\"Slaapkamer Apartment Mauerl\u00e4ufer\" srcset=\"https:\/\/www.alpinresortmontafon.com\/wp-content\/uploads\/2024\/09\/Mauerlaufer_Berg_Studio_Gargellen_1-scaled.jpg 2560w, https:\/\/www.alpinresortmontafon.com\/wp-content\/uploads\/2024\/09\/Mauerlaufer_Berg_Studio_Gargellen_1-300x200.jpg 300w, https:\/\/www.alpinresortmontafon.com\/wp-content\/uploads\/2024\/09\/Mauerlaufer_Berg_Studio_Gargellen_1-1024x683.jpg 1024w, https:\/\/www.alpinresortmontafon.com\/wp-content\/uploads\/2024\/09\/Mauerlaufer_Berg_Studio_Gargellen_1-768x512.jpg 768w, https:\/\/www.alpinresortmontafon.com\/wp-content\/uploads\/2024\/09\/Mauerlaufer_Berg_Studio_Gargellen_1-1536x1024.jpg 1536w, https:\/\/www.alpinresortmontafon.com\/wp-content\/uploads\/2024\/09\/Mauerlaufer_Berg_Studio_Gargellen_1-2048x1365.jpg 2048w\" sizes=\"(max-width: 2560px) 100vw, 2560px\" \/>\t\t\t\t\t\t\t\t<\/a>\n\t\t\t\t\t\t\t\t\t\t\t\t\t\t\t<\/div>\n\t\t\t\t<\/div>\n\t\t\t\t<\/div>\n\t\t<div class=\"elementor-element elementor-element-48bd3723 e-con-full e-flex e-con e-child\" data-id=\"48bd3723\" data-element_type=\"container\" data-e-type=\"container\">\n\t\t\t\t<div class=\"elementor-element elementor-element-297eb29a elementor-widget elementor-widget-text-editor\" data-id=\"297eb29a\" data-element_type=\"widget\" data-e-type=\"widget\" data-widget_type=\"text-editor.default\">\n\t\t\t\t<div class=\"elementor-widget-container\">\n\t\t\t\t\t\t\t\t\t<h5>58m2 Ferienwohnung | 325<\/h5><br>Grootte in m\u00b2: 58,9<br>Kamers: 3<br>Slaapkamers: 2\t\t\t\t\t\t\t\t<\/div>\n\t\t\t\t<\/div>\n\t\t\t\t<\/div>\n\t\t<div class=\"elementor-element elementor-element-69c90193 e-con-full e-flex e-con e-child\" data-id=\"69c90193\" data-element_type=\"container\" data-e-type=\"container\">\n\t\t\t\t<div class=\"elementor-element elementor-element-1ed6a3 elementor-widget elementor-widget-button\" data-id=\"1ed6a3\" data-element_type=\"widget\" data-e-type=\"widget\" data-widget_type=\"button.default\">\n\t\t\t\t<div class=\"elementor-widget-container\">\n\t\t\t\t\t\t\t\t\t<div class=\"elementor-button-wrapper\">\n\t\t\t\t\t<a class=\"elementor-button elementor-button-link elementor-size-sm\" href=\"https:\/\/travel.alpinresortmontafon.com\/nl\/verkoop\/appartement-gargellen-59m2-ferienwohnung-ski-in-ski-out-in-gargellen-325-490482.html\" target=\"_blank\" title=\"Ferienwohnung mit 58 m\u00b2 in Gargellen kaufen\">\n\t\t\t\t\t\t<span class=\"elementor-button-content-wrapper\">\n\t\t\t\t\t\t\t\t\t<span class=\"elementor-button-text\">Detailseite<\/span>\n\t\t\t\t\t<\/span>\n\t\t\t\t\t<\/a>\n\t\t\t\t<\/div>\n\t\t\t\t\t\t\t\t<\/div>\n\t\t\t\t<\/div>\n\t\t\t\t<\/div>\n\t\t\t\t<\/div>\n\t\t\t\t\t<\/div>\n\t\t\t\t<\/div>\n\t\t<div class=\"elementor-element elementor-element-231da6f e-flex e-con-boxed e-con e-parent\" data-id=\"231da6f\" data-element_type=\"container\" data-e-type=\"container\" data-settings=\"{&quot;background_background&quot;:&quot;classic&quot;}\">\n\t\t\t\t\t<div class=\"e-con-inner\">\n\t\t\t\t<div class=\"elementor-element elementor-element-23a3065 headoverlay elementor-widget elementor-widget-heading\" data-id=\"23a3065\" data-element_type=\"widget\" data-e-type=\"widget\" data-widget_type=\"heading.default\">\n\t\t\t\t<div class=\"elementor-widget-container\">\n\t\t\t\t\t<h2 class=\"elementor-heading-title elementor-size-default\">Tijd<br>Aan<br><span>Waarschijnlijk<br>voelen<\/span><\/h2>\t\t\t\t<\/div>\n\t\t\t\t<\/div>\n\t\t\t\t\t<\/div>\n\t\t\t\t<\/div>\n\t\t<div class=\"elementor-element elementor-element-3a157f0 e-flex e-con-boxed e-con e-parent\" data-id=\"3a157f0\" data-element_type=\"container\" data-e-type=\"container\">\n\t\t\t\t\t<div class=\"e-con-inner\">\n\t\t\t\t<div class=\"elementor-element elementor-element-e2f9938 elementor-widget__width-initial elementor-widget elementor-widget-text-editor\" data-id=\"e2f9938\" data-element_type=\"widget\" data-e-type=\"widget\" data-widget_type=\"text-editor.default\">\n\t\t\t\t<div class=\"elementor-widget-container\">\n\t\t\t\t\t\t\t\t\t<h3>Vakantie in het Alpin-Resort Montafon<\/h3><p>Uw vakantie direct aan het skigebied Gargellen met uitzicht op de mooiste<br>Bergen tussen Oostenrijk en Zwitserland<\/p><p><a title=\"Boek een appartement in Gargellen online\" href=\"hhttps:\/\/travel.alpinresortmontafon.com\/nl\/huren\/verhuur-appartementen-c1\/\">Boek een appartement in Gargellen<\/a><\/p>\t\t\t\t\t\t\t\t<\/div>\n\t\t\t\t<\/div>\n\t\t\t\t<div class=\"elementor-element elementor-element-d4ab473 elementor-widget__width-initial elementor-widget elementor-widget-text-editor\" data-id=\"d4ab473\" data-element_type=\"widget\" data-e-type=\"widget\" data-widget_type=\"text-editor.default\">\n\t\t\t\t<div class=\"elementor-widget-container\">\n\t\t\t\t\t\t\t\t\t<h3>Pure wellness-sfeer<\/h3><p>U kunt kiezen uit tien verschillende appartementgroottes.<\/p><p>60 vakantiewoningen om je goed te voelen. Het intelligente ruimte- en uitrustingsconcept vormt de basis voor de optimale indeling van de woonruimtes en cre\u00ebert royale open ruimtes voor comfortabele uren. Alle appartementen zijn voorzien van hoogwaardige materialen.  <\/p><p>Het interieur bestaat uit klassiek-moderne meubels. Dit zorgt voor een bijzonder gezellige sfeer en een comfortabel binnenklimaat. Moderne keukens die tot in het kleinste detail zijn uitgerust en een uitnodigende woon-eetkamer laten niets te wensen over. In combinatie met de modernste sanitaire technologie zorgen de natuurlijke materialen voor een heel bijzondere sfeer en nodigen ze uit tot genieten en ontspannen.   <\/p>\t\t\t\t\t\t\t\t<\/div>\n\t\t\t\t<\/div>\n\t\t\t\t\t<\/div>\n\t\t\t\t<\/div>\n\t\t\t\t<\/div>\n\t\t","protected":false},"excerpt":{"rendered":"<p>_______ te koop Vakantie appartement te koop in Gargellen Vakantieappartementen metSki-in-ski-uit Het hoogwaardige resort, voorzien van alle luxe, ligt in Gargellen &#8211; op 1.500 m boven de zeespiegel direct aan de skipiste (ski in &#8211; ski out). Het romantische bergdorpje Gargellen ligt in dehart van de populaire toeristische regio Montafon. Met 2 seizoenen zorgt de [&hellip;]<\/p>\n","protected":false},"author":2,"featured_media":0,"parent":0,"menu_order":0,"comment_status":"closed","ping_status":"closed","template":"","meta":{"inline_featured_image":false,"footnotes":""},"class_list":["post-8656","page","type-page","status-publish","hentry"],"_links":{"self":[{"href":"https:\/\/www.alpinresortmontafon.com\/nl\/wp-json\/wp\/v2\/pages\/8656","targetHints":{"allow":["GET"]}}],"collection":[{"href":"https:\/\/www.alpinresortmontafon.com\/nl\/wp-json\/wp\/v2\/pages"}],"about":[{"href":"https:\/\/www.alpinresortmontafon.com\/nl\/wp-json\/wp\/v2\/types\/page"}],"author":[{"embeddable":true,"href":"https:\/\/www.alpinresortmontafon.com\/nl\/wp-json\/wp\/v2\/users\/2"}],"replies":[{"embeddable":true,"href":"https:\/\/www.alpinresortmontafon.com\/nl\/wp-json\/wp\/v2\/comments?post=8656"}],"version-history":[{"count":14,"href":"https:\/\/www.alpinresortmontafon.com\/nl\/wp-json\/wp\/v2\/pages\/8656\/revisions"}],"predecessor-version":[{"id":12150,"href":"https:\/\/www.alpinresortmontafon.com\/nl\/wp-json\/wp\/v2\/pages\/8656\/revisions\/12150"}],"wp:attachment":[{"href":"https:\/\/www.alpinresortmontafon.com\/nl\/wp-json\/wp\/v2\/media?parent=8656"}],"curies":[{"name":"wp","href":"https:\/\/api.w.org\/{rel}","templated":true}]}}